{"id":294,"date":"2023-05-17T09:41:04","date_gmt":"2023-05-17T09:41:04","guid":{"rendered":"https:\/\/moblesbaltasar.panelserver.org\/?page_id=294"},"modified":"2023-08-25T12:53:15","modified_gmt":"2023-08-25T12:53:15","slug":"servicios","status":"publish","type":"page","link":"https:\/\/moblesbaltasar.com\/ca\/servicios\/","title":{"rendered":"SERVICIOS"},"content":{"rendered":"<div data-elementor-type=\"wp-page\" data-elementor-id=\"294\" class=\"elementor elementor-294\" data-elementor-post-type=\"page\">\n\t\t\t\t\t\t<section class=\"elementor-section elementor-top-section elementor-element elementor-element-967c1c1 elementor-section-full_width elementor-section-height-default elementor-section-height-default elementor-invisible\" data-id=\"967c1c1\" data-element_type=\"section\" data-e-type=\"section\" data-settings=\"{&quot;background_background&quot;:&quot;classic&quot;,&quot;animation&quot;:&quot;fadeInDown&quot;}\">\n\t\t\t\t\t\t\t<div class=\"elementor-background-overlay\"><\/div>\n\t\t\t\t\t\t\t<div class=\"elementor-container elementor-column-gap-no\">\n\t\t\t\t\t<div class=\"elementor-column elementor-col-100 elementor-top-column elementor-element elementor-element-3dbcf79\" data-id=\"3dbcf79\" data-element_type=\"column\" data-e-type=\"column\">\n\t\t\t<div class=\"elementor-widget-wrap elementor-element-populated\">\n\t\t\t\t\t\t<div class=\"elementor-element elementor-element-8121609 elementor-position-inline-start elementor-view-default elementor-mobile-position-block-start elementor-widget elementor-widget-icon-box\" data-id=\"8121609\" data-element_type=\"widget\" data-e-type=\"widget\" data-widget_type=\"icon-box.default\">\n\t\t\t\t<div class=\"elementor-widget-container\">\n\t\t\t\t\t\t\t<div class=\"elementor-icon-box-wrapper\">\n\n\t\t\t\t\t\t<div class=\"elementor-icon-box-icon\">\n\t\t\t\t<span  class=\"elementor-icon\">\n\t\t\t\t<i aria-hidden=\"true\" class=\"fas fa-square-full\"><\/i>\t\t\t\t<\/span>\n\t\t\t<\/div>\n\t\t\t\n\t\t\t\t\t\t<div class=\"elementor-icon-box-content\">\n\n\t\t\t\t\t\t\t\t\t<h3 class=\"elementor-icon-box-title\">\n\t\t\t\t\t\t<span  >\n\t\t\t\t\t\t\tSERVICIOS\t\t\t\t\t\t<\/span>\n\t\t\t\t\t<\/h3>\n\t\t\t\t\n\t\t\t\t\n\t\t\t<\/div>\n\t\t\t\n\t\t<\/div>\n\t\t\t\t\t\t<\/div>\n\t\t\t\t<\/div>\n\t\t\t\t\t<\/div>\n\t\t<\/div>\n\t\t\t\t\t<\/div>\n\t\t<\/section>\n\t\t\t\t<section class=\"elementor-section elementor-top-section elementor-element elementor-element-cb88621 elementor-section-boxed elementor-section-height-default elementor-section-height-default\" data-id=\"cb88621\" data-element_type=\"section\" data-e-type=\"section\">\n\t\t\t\t\t\t<div class=\"elementor-container elementor-column-gap-wider\">\n\t\t\t\t\t<div class=\"elementor-column elementor-col-50 elementor-top-column elementor-element elementor-element-a637d5a elementor-invisible\" data-id=\"a637d5a\" data-element_type=\"column\" data-e-type=\"column\" data-settings=\"{&quot;animation&quot;:&quot;fadeIn&quot;}\">\n\t\t\t<div class=\"elementor-widget-wrap elementor-element-populated\">\n\t\t\t\t\t\t<div class=\"elementor-element elementor-element-19fd8cc elementor-widget elementor-widget-text-editor\" data-id=\"19fd8cc\" data-element_type=\"widget\" data-e-type=\"widget\" data-widget_type=\"text-editor.default\">\n\t\t\t\t<div class=\"elementor-widget-container\">\n\t\t\t\t\t\t\t\t\t<p><strong>Mobles Baltasar es una empresa familiar<\/strong>\u00a0de tercera generaci\u00f3n que ten\u00eda la ebanister\u00eda como tradici\u00f3n familiar. Abrimos nuestras puertas en 1930 y nos hemos ido adaptando a las necesidades de cada momento, hasta ofrecer en la actualidad un servicio integral para el hogar.<\/p>\t\t\t\t\t\t\t\t<\/div>\n\t\t\t\t<\/div>\n\t\t\t\t<div class=\"elementor-element elementor-element-15b6dbb elementor-icon-list--layout-traditional elementor-list-item-link-full_width elementor-widget elementor-widget-icon-list\" data-id=\"15b6dbb\" data-element_type=\"widget\" data-e-type=\"widget\" data-widget_type=\"icon-list.default\">\n\t\t\t\t<div class=\"elementor-widget-container\">\n\t\t\t\t\t\t\t<ul class=\"elementor-icon-list-items\">\n\t\t\t\t\t\t\t<li class=\"elementor-icon-list-item\">\n\t\t\t\t\t\t\t\t\t\t\t<span class=\"elementor-icon-list-icon\">\n\t\t\t\t\t\t\t<i aria-hidden=\"true\" class=\"fas fa-check\"><\/i>\t\t\t\t\t\t<\/span>\n\t\t\t\t\t\t\t\t\t\t<span class=\"elementor-icon-list-text\">Servicio de montaje con personal propio<\/span>\n\t\t\t\t\t\t\t\t\t<\/li>\n\t\t\t\t\t\t\t\t<li class=\"elementor-icon-list-item\">\n\t\t\t\t\t\t\t\t\t\t\t<span class=\"elementor-icon-list-icon\">\n\t\t\t\t\t\t\t<i aria-hidden=\"true\" class=\"fas fa-check\"><\/i>\t\t\t\t\t\t<\/span>\n\t\t\t\t\t\t\t\t\t\t<span class=\"elementor-icon-list-text\">Servicio de carpinter\u00eda y muebles a medida<\/span>\n\t\t\t\t\t\t\t\t\t<\/li>\n\t\t\t\t\t\t\t\t<li class=\"elementor-icon-list-item\">\n\t\t\t\t\t\t\t\t\t\t\t<span class=\"elementor-icon-list-icon\">\n\t\t\t\t\t\t\t<i aria-hidden=\"true\" class=\"fas fa-check\"><\/i>\t\t\t\t\t\t<\/span>\n\t\t\t\t\t\t\t\t\t\t<span class=\"elementor-icon-list-text\">Reformas integrales de cocinas y venta de mobiliario de cocina<\/span>\n\t\t\t\t\t\t\t\t\t<\/li>\n\t\t\t\t\t\t\t\t<li class=\"elementor-icon-list-item\">\n\t\t\t\t\t\t\t\t\t\t\t<span class=\"elementor-icon-list-icon\">\n\t\t\t\t\t\t\t<i aria-hidden=\"true\" class=\"fas fa-check\"><\/i>\t\t\t\t\t\t<\/span>\n\t\t\t\t\t\t\t\t\t\t<span class=\"elementor-icon-list-text\">Servicio de interiorismo. Estudio, planos, mediciones...<\/span>\n\t\t\t\t\t\t\t\t\t<\/li>\n\t\t\t\t\t\t\t\t<li class=\"elementor-icon-list-item\">\n\t\t\t\t\t\t\t\t\t\t\t<span class=\"elementor-icon-list-icon\">\n\t\t\t\t\t\t\t<i aria-hidden=\"true\" class=\"fas fa-check\"><\/i>\t\t\t\t\t\t<\/span>\n\t\t\t\t\t\t\t\t\t\t<span class=\"elementor-icon-list-text\">Obras y reformas integrales de viviendas<\/span>\n\t\t\t\t\t\t\t\t\t<\/li>\n\t\t\t\t\t\t\t\t<li class=\"elementor-icon-list-item\">\n\t\t\t\t\t\t\t\t\t\t\t<span class=\"elementor-icon-list-icon\">\n\t\t\t\t\t\t\t<i aria-hidden=\"true\" class=\"fas fa-check\"><\/i>\t\t\t\t\t\t<\/span>\n\t\t\t\t\t\t\t\t\t\t<span class=\"elementor-icon-list-text\">Cortinajes<\/span>\n\t\t\t\t\t\t\t\t\t<\/li>\n\t\t\t\t\t\t<\/ul>\n\t\t\t\t\t\t<\/div>\n\t\t\t\t<\/div>\n\t\t\t\t\t<\/div>\n\t\t<\/div>\n\t\t\t\t<div class=\"elementor-column elementor-col-50 elementor-top-column elementor-element elementor-element-db44eec elementor-invisible\" data-id=\"db44eec\" data-element_type=\"column\" data-e-type=\"column\" data-settings=\"{&quot;animation&quot;:&quot;fadeIn&quot;,&quot;animation_delay&quot;:500}\">\n\t\t\t<div class=\"elementor-widget-wrap elementor-element-populated\">\n\t\t\t\t\t\t<div class=\"elementor-element elementor-element-dcf3c99 elementor-widget elementor-widget-text-editor\" data-id=\"dcf3c99\" data-element_type=\"widget\" data-e-type=\"widget\" data-widget_type=\"text-editor.default\">\n\t\t\t\t<div class=\"elementor-widget-container\">\n\t\t\t\t\t\t\t\t\t<p>La\u00a0<strong>experiencia<\/strong>, el\u00a0<strong>rigor<\/strong>\u00a0y la\u00a0<strong>profesionalidad<\/strong>\u00a0son claves en nuestro permanente proceso de cambio y renovaci\u00f3n. La ampliaci\u00f3n de las instalaciones a un local emblem\u00e1tico de Almacelles, como es la antigua Cooperativa del Camp, fue la apuesta definitiva por convertirnos en referencia en el sector del interiorismo en Lleida.<\/p>\t\t\t\t\t\t\t\t<\/div>\n\t\t\t\t<\/div>\n\t\t\t\t<div class=\"elementor-element elementor-element-eb10c4a elementor-widget elementor-widget-text-editor\" data-id=\"eb10c4a\" data-element_type=\"widget\" data-e-type=\"widget\" data-widget_type=\"text-editor.default\">\n\t\t\t\t<div class=\"elementor-widget-container\">\n\t\t\t\t\t\t\t\t\t<p>En Mobles Baltasar ofrecemos desde mobiliario y objetos de decoraci\u00f3n hasta el\u00a0<strong>asesoramiento m\u00e1s t\u00e9cnico en dise\u00f1o de interiores, distribuci\u00f3n de espacios, luz y pintura.<\/strong><\/p>\t\t\t\t\t\t\t\t<\/div>\n\t\t\t\t<\/div>\n\t\t\t\t\t<\/div>\n\t\t<\/div>\n\t\t\t\t\t<\/div>\n\t\t<\/section>\n\t\t\t\t<section class=\"elementor-section elementor-top-section elementor-element elementor-element-9bb4147 elementor-section-boxed elementor-section-height-default elementor-section-height-default elementor-invisible\" data-id=\"9bb4147\" data-element_type=\"section\" data-e-type=\"section\" data-settings=\"{&quot;animation&quot;:&quot;fadeInRight&quot;}\">\n\t\t\t\t\t\t<div class=\"elementor-container elementor-column-gap-default\">\n\t\t\t\t\t<div class=\"elementor-column elementor-col-50 elementor-top-column elementor-element elementor-element-03988f9\" data-id=\"03988f9\" data-element_type=\"column\" data-e-type=\"column\">\n\t\t\t<div class=\"elementor-widget-wrap elementor-element-populated\">\n\t\t\t\t\t\t<div class=\"elementor-element elementor-element-ac3672a elementor-widget elementor-widget-image\" data-id=\"ac3672a\" data-element_type=\"widget\" data-e-type=\"widget\" data-widget_type=\"image.default\">\n\t\t\t\t<div class=\"elementor-widget-container\">\n\t\t\t\t\t\t\t\t\t\t\t\t\t\t\t\t<a href=\"https:\/\/moblesbaltasar.com\/ca\/contacto\/\">\n\t\t\t\t\t\t\t<img fetchpriority=\"high\" decoding=\"async\" width=\"1200\" height=\"675\" src=\"https:\/\/moblesbaltasar.com\/wp-content\/uploads\/2023\/05\/muebles-mobles-baltasar-almacelles-financiacion.jpg\" class=\"attachment-full size-full wp-image-528\" alt=\"\" srcset=\"https:\/\/moblesbaltasar.com\/wp-content\/uploads\/2023\/05\/muebles-mobles-baltasar-almacelles-financiacion.jpg 1200w, https:\/\/moblesbaltasar.com\/wp-content\/uploads\/2023\/05\/muebles-mobles-baltasar-almacelles-financiacion-300x169.jpg 300w, https:\/\/moblesbaltasar.com\/wp-content\/uploads\/2023\/05\/muebles-mobles-baltasar-almacelles-financiacion-1024x576.jpg 1024w, https:\/\/moblesbaltasar.com\/wp-content\/uploads\/2023\/05\/muebles-mobles-baltasar-almacelles-financiacion-768x432.jpg 768w\" sizes=\"(max-width: 1200px) 100vw, 1200px\" \/>\t\t\t\t\t\t\t\t<\/a>\n\t\t\t\t\t\t\t\t\t\t\t\t\t\t\t<\/div>\n\t\t\t\t<\/div>\n\t\t\t\t\t<\/div>\n\t\t<\/div>\n\t\t\t\t<div class=\"elementor-column elementor-col-50 elementor-top-column elementor-element elementor-element-dafdb19\" data-id=\"dafdb19\" data-element_type=\"column\" data-e-type=\"column\">\n\t\t\t<div class=\"elementor-widget-wrap elementor-element-populated\">\n\t\t\t\t\t\t<div class=\"elementor-element elementor-element-7fa9477 elementor-widget elementor-widget-text-editor\" data-id=\"7fa9477\" data-element_type=\"widget\" data-e-type=\"widget\" data-widget_type=\"text-editor.default\">\n\t\t\t\t<div class=\"elementor-widget-container\">\n\t\t\t\t\t\t\t\t\t<p>Si quieres m\u00e1s informaci\u00f3n sobre nuestra gama de productos, servicios, disponibilidad y precios.<\/p>\t\t\t\t\t\t\t\t<\/div>\n\t\t\t\t<\/div>\n\t\t\t\t<div class=\"elementor-element elementor-element-69fe65e elementor-align-right elementor-widget elementor-widget-button\" data-id=\"69fe65e\" data-element_type=\"widget\" data-e-type=\"widget\" data-widget_type=\"button.default\">\n\t\t\t\t<div class=\"elementor-widget-container\">\n\t\t\t\t\t\t\t\t\t<div class=\"elementor-button-wrapper\">\n\t\t\t\t\t<a class=\"elementor-button elementor-button-link elementor-size-sm\" href=\"https:\/\/moblesbaltasar.com\/ca\/contacto\/\">\n\t\t\t\t\t\t<span class=\"elementor-button-content-wrapper\">\n\t\t\t\t\t\t\t\t\t<span class=\"elementor-button-text\">Contactar<\/span>\n\t\t\t\t\t<\/span>\n\t\t\t\t\t<\/a>\n\t\t\t\t<\/div>\n\t\t\t\t\t\t\t\t<\/div>\n\t\t\t\t<\/div>\n\t\t\t\t\t<\/div>\n\t\t<\/div>\n\t\t\t\t\t<\/div>\n\t\t<\/section>\n\t\t\t\t<\/div>","protected":false},"excerpt":{"rendered":"<p>Mobles Baltasar es una empresa familiar\u00a0de tercera generaci\u00f3n que ten\u00eda la ebanister\u00eda como tradici\u00f3n familiar. Abrimos nuestras puertas en 1930 y nos hemos ido adaptando a las necesidades de cada momento, hasta ofrecer en la actualidad un servicio integral para el hogar. Servicio de montaje con personal propio Servicio de carpinter\u00eda y muebles a medida [&hellip;]<\/p>\n","protected":false},"author":2,"featured_media":0,"parent":0,"menu_order":0,"comment_status":"closed","ping_status":"closed","template":"","meta":{"footnotes":""},"class_list":["post-294","page","type-page","status-publish","hentry"],"yoast_head":"<!-- This site is optimized with the Yoast SEO plugin v27.5 - https:\/\/yoast.com\/product\/yoast-seo-wordpress\/ -->\n<title>Interioristas Lleida<\/title>\n<meta name=\"description\" content=\"Servicios de dise\u00f1o de interiores en Lleida. Creando espacios funcionales y con estilo. Mobles Baltasar. \u00a1Contacta con nosotros!\" \/>\n<meta name=\"robots\" content=\"index, follow, max-snippet:-1, max-image-preview:large, max-video-preview:-1\" \/>\n<link rel=\"canonical\" href=\"https:\/\/moblesbaltasar.com\/ca\/servicios\/\" \/>\n<meta property=\"og:locale\" content=\"ca_ES\" \/>\n<meta property=\"og:type\" content=\"article\" \/>\n<meta property=\"og:title\" content=\"Interioristas Lleida\" \/>\n<meta property=\"og:description\" content=\"Servicios de dise\u00f1o de interiores en Lleida. Creando espacios funcionales y con estilo. Mobles Baltasar. \u00a1Contacta con nosotros!\" \/>\n<meta property=\"og:url\" content=\"https:\/\/moblesbaltasar.com\/ca\/servicios\/\" \/>\n<meta property=\"og:site_name\" content=\"Mobles Baltasar\" \/>\n<meta property=\"article:modified_time\" content=\"2023-08-25T12:53:15+00:00\" \/>\n<meta property=\"og:image\" content=\"https:\/\/moblesbaltasar.com\/wp-content\/uploads\/2023\/05\/muebles-mobles-baltasar-almacelles-financiacion.jpg\" \/>\n<meta name=\"twitter:card\" content=\"summary_large_image\" \/>\n<meta name=\"twitter:label1\" content=\"Temps estimat de lectura\" \/>\n\t<meta name=\"twitter:data1\" content=\"1 minut\" \/>\n<script type=\"application\/ld+json\" class=\"yoast-schema-graph\">{\"@context\":\"https:\\\/\\\/schema.org\",\"@graph\":[{\"@type\":\"WebPage\",\"@id\":\"https:\\\/\\\/moblesbaltasar.com\\\/servicios\\\/\",\"url\":\"https:\\\/\\\/moblesbaltasar.com\\\/servicios\\\/\",\"name\":\"Interioristas Lleida\",\"isPartOf\":{\"@id\":\"https:\\\/\\\/moblesbaltasar.com\\\/#website\"},\"primaryImageOfPage\":{\"@id\":\"https:\\\/\\\/moblesbaltasar.com\\\/servicios\\\/#primaryimage\"},\"image\":{\"@id\":\"https:\\\/\\\/moblesbaltasar.com\\\/servicios\\\/#primaryimage\"},\"thumbnailUrl\":\"https:\\\/\\\/moblesbaltasar.com\\\/wp-content\\\/uploads\\\/2023\\\/05\\\/muebles-mobles-baltasar-almacelles-financiacion.jpg\",\"datePublished\":\"2023-05-17T09:41:04+00:00\",\"dateModified\":\"2023-08-25T12:53:15+00:00\",\"description\":\"Servicios de dise\u00f1o de interiores en Lleida. Creando espacios funcionales y con estilo. Mobles Baltasar. \u00a1Contacta con nosotros!\",\"breadcrumb\":{\"@id\":\"https:\\\/\\\/moblesbaltasar.com\\\/servicios\\\/#breadcrumb\"},\"inLanguage\":\"ca\",\"potentialAction\":[{\"@type\":\"ReadAction\",\"target\":[\"https:\\\/\\\/moblesbaltasar.com\\\/servicios\\\/\"]}]},{\"@type\":\"ImageObject\",\"inLanguage\":\"ca\",\"@id\":\"https:\\\/\\\/moblesbaltasar.com\\\/servicios\\\/#primaryimage\",\"url\":\"https:\\\/\\\/moblesbaltasar.com\\\/wp-content\\\/uploads\\\/2023\\\/05\\\/muebles-mobles-baltasar-almacelles-financiacion.jpg\",\"contentUrl\":\"https:\\\/\\\/moblesbaltasar.com\\\/wp-content\\\/uploads\\\/2023\\\/05\\\/muebles-mobles-baltasar-almacelles-financiacion.jpg\"},{\"@type\":\"BreadcrumbList\",\"@id\":\"https:\\\/\\\/moblesbaltasar.com\\\/servicios\\\/#breadcrumb\",\"itemListElement\":[{\"@type\":\"ListItem\",\"position\":1,\"name\":\"Portada\",\"item\":\"https:\\\/\\\/moblesbaltasar.com\\\/\"},{\"@type\":\"ListItem\",\"position\":2,\"name\":\"SERVICIOS\"}]},{\"@type\":\"WebSite\",\"@id\":\"https:\\\/\\\/moblesbaltasar.com\\\/#website\",\"url\":\"https:\\\/\\\/moblesbaltasar.com\\\/\",\"name\":\"Mobles Baltasar\",\"description\":\"El sitio d\u00f3nde se empieza a crear tu espacio\",\"publisher\":{\"@id\":\"https:\\\/\\\/moblesbaltasar.com\\\/#organization\"},\"potentialAction\":[{\"@type\":\"SearchAction\",\"target\":{\"@type\":\"EntryPoint\",\"urlTemplate\":\"https:\\\/\\\/moblesbaltasar.com\\\/?s={search_term_string}\"},\"query-input\":{\"@type\":\"PropertyValueSpecification\",\"valueRequired\":true,\"valueName\":\"search_term_string\"}}],\"inLanguage\":\"ca\"},{\"@type\":\"Organization\",\"@id\":\"https:\\\/\\\/moblesbaltasar.com\\\/#organization\",\"name\":\"Mobles Baltasar\",\"url\":\"https:\\\/\\\/moblesbaltasar.com\\\/\",\"logo\":{\"@type\":\"ImageObject\",\"inLanguage\":\"ca\",\"@id\":\"https:\\\/\\\/moblesbaltasar.com\\\/#\\\/schema\\\/logo\\\/image\\\/\",\"url\":\"https:\\\/\\\/moblesbaltasar.com\\\/wp-content\\\/uploads\\\/2023\\\/07\\\/Mobles-Baltasar-logo-verd-fort.png\",\"contentUrl\":\"https:\\\/\\\/moblesbaltasar.com\\\/wp-content\\\/uploads\\\/2023\\\/07\\\/Mobles-Baltasar-logo-verd-fort.png\",\"width\":400,\"height\":93,\"caption\":\"Mobles Baltasar\"},\"image\":{\"@id\":\"https:\\\/\\\/moblesbaltasar.com\\\/#\\\/schema\\\/logo\\\/image\\\/\"}}]}<\/script>\n<!-- \/ Yoast SEO plugin. -->","yoast_head_json":{"title":"Interioristas Lleida","description":"Servicios de dise\u00f1o de interiores en Lleida. Creando espacios funcionales y con estilo. Mobles Baltasar. \u00a1Contacta con nosotros!","robots":{"index":"index","follow":"follow","max-snippet":"max-snippet:-1","max-image-preview":"max-image-preview:large","max-video-preview":"max-video-preview:-1"},"canonical":"https:\/\/moblesbaltasar.com\/ca\/servicios\/","og_locale":"ca_ES","og_type":"article","og_title":"Interioristas Lleida","og_description":"Servicios de dise\u00f1o de interiores en Lleida. Creando espacios funcionales y con estilo. Mobles Baltasar. \u00a1Contacta con nosotros!","og_url":"https:\/\/moblesbaltasar.com\/ca\/servicios\/","og_site_name":"Mobles Baltasar","article_modified_time":"2023-08-25T12:53:15+00:00","og_image":[{"url":"https:\/\/moblesbaltasar.com\/wp-content\/uploads\/2023\/05\/muebles-mobles-baltasar-almacelles-financiacion.jpg","type":"","width":"","height":""}],"twitter_card":"summary_large_image","twitter_misc":{"Temps estimat de lectura":"1 minut"},"schema":{"@context":"https:\/\/schema.org","@graph":[{"@type":"WebPage","@id":"https:\/\/moblesbaltasar.com\/servicios\/","url":"https:\/\/moblesbaltasar.com\/servicios\/","name":"Interioristas Lleida","isPartOf":{"@id":"https:\/\/moblesbaltasar.com\/#website"},"primaryImageOfPage":{"@id":"https:\/\/moblesbaltasar.com\/servicios\/#primaryimage"},"image":{"@id":"https:\/\/moblesbaltasar.com\/servicios\/#primaryimage"},"thumbnailUrl":"https:\/\/moblesbaltasar.com\/wp-content\/uploads\/2023\/05\/muebles-mobles-baltasar-almacelles-financiacion.jpg","datePublished":"2023-05-17T09:41:04+00:00","dateModified":"2023-08-25T12:53:15+00:00","description":"Servicios de dise\u00f1o de interiores en Lleida. Creando espacios funcionales y con estilo. Mobles Baltasar. \u00a1Contacta con nosotros!","breadcrumb":{"@id":"https:\/\/moblesbaltasar.com\/servicios\/#breadcrumb"},"inLanguage":"ca","potentialAction":[{"@type":"ReadAction","target":["https:\/\/moblesbaltasar.com\/servicios\/"]}]},{"@type":"ImageObject","inLanguage":"ca","@id":"https:\/\/moblesbaltasar.com\/servicios\/#primaryimage","url":"https:\/\/moblesbaltasar.com\/wp-content\/uploads\/2023\/05\/muebles-mobles-baltasar-almacelles-financiacion.jpg","contentUrl":"https:\/\/moblesbaltasar.com\/wp-content\/uploads\/2023\/05\/muebles-mobles-baltasar-almacelles-financiacion.jpg"},{"@type":"BreadcrumbList","@id":"https:\/\/moblesbaltasar.com\/servicios\/#breadcrumb","itemListElement":[{"@type":"ListItem","position":1,"name":"Portada","item":"https:\/\/moblesbaltasar.com\/"},{"@type":"ListItem","position":2,"name":"SERVICIOS"}]},{"@type":"WebSite","@id":"https:\/\/moblesbaltasar.com\/#website","url":"https:\/\/moblesbaltasar.com\/","name":"Mobles Baltasar","description":"El sitio d\u00f3nde se empieza a crear tu espacio","publisher":{"@id":"https:\/\/moblesbaltasar.com\/#organization"},"potentialAction":[{"@type":"SearchAction","target":{"@type":"EntryPoint","urlTemplate":"https:\/\/moblesbaltasar.com\/?s={search_term_string}"},"query-input":{"@type":"PropertyValueSpecification","valueRequired":true,"valueName":"search_term_string"}}],"inLanguage":"ca"},{"@type":"Organization","@id":"https:\/\/moblesbaltasar.com\/#organization","name":"Mobles Baltasar","url":"https:\/\/moblesbaltasar.com\/","logo":{"@type":"ImageObject","inLanguage":"ca","@id":"https:\/\/moblesbaltasar.com\/#\/schema\/logo\/image\/","url":"https:\/\/moblesbaltasar.com\/wp-content\/uploads\/2023\/07\/Mobles-Baltasar-logo-verd-fort.png","contentUrl":"https:\/\/moblesbaltasar.com\/wp-content\/uploads\/2023\/07\/Mobles-Baltasar-logo-verd-fort.png","width":400,"height":93,"caption":"Mobles Baltasar"},"image":{"@id":"https:\/\/moblesbaltasar.com\/#\/schema\/logo\/image\/"}}]}},"_links":{"self":[{"href":"https:\/\/moblesbaltasar.com\/ca\/wp-json\/wp\/v2\/pages\/294","targetHints":{"allow":["GET"]}}],"collection":[{"href":"https:\/\/moblesbaltasar.com\/ca\/wp-json\/wp\/v2\/pages"}],"about":[{"href":"https:\/\/moblesbaltasar.com\/ca\/wp-json\/wp\/v2\/types\/page"}],"author":[{"embeddable":true,"href":"https:\/\/moblesbaltasar.com\/ca\/wp-json\/wp\/v2\/users\/2"}],"replies":[{"embeddable":true,"href":"https:\/\/moblesbaltasar.com\/ca\/wp-json\/wp\/v2\/comments?post=294"}],"version-history":[{"count":29,"href":"https:\/\/moblesbaltasar.com\/ca\/wp-json\/wp\/v2\/pages\/294\/revisions"}],"predecessor-version":[{"id":2201,"href":"https:\/\/moblesbaltasar.com\/ca\/wp-json\/wp\/v2\/pages\/294\/revisions\/2201"}],"wp:attachment":[{"href":"https:\/\/moblesbaltasar.com\/ca\/wp-json\/wp\/v2\/media?parent=294"}],"curies":[{"name":"wp","href":"https:\/\/api.w.org\/{rel}","templated":true}]}}